{"id":481,"date":"2024-05-20T22:44:10","date_gmt":"2024-05-20T20:44:10","guid":{"rendered":"https:\/\/zemplen723.local\/ueber-die-bruecke\/"},"modified":"2024-12-06T18:05:45","modified_gmt":"2024-12-06T17:05:45","slug":"ueber-die-bruecke","status":"publish","type":"page","link":"https:\/\/zemplen723.eu\/de\/ueber-die-bruecke\/","title":{"rendered":"\u00dcber die Br\u00fccke"},"content":{"rendered":"\n<h2 class=\"wp-block-heading h3\">Bewegliche Br\u00fccke, beweglicher Name, <br\/>bewegliche Programme<\/h2>\n\n<div class=\"responsive-spacer\">\n\t<div class=\"rs-size-32 rs-size-md-32\"><\/div>\n<\/div>\n\n<h3 class=\"wp-block-heading\">Die Zempl\u00e9n 723 in Zahlen:<\/h3>\n\n<div class=\"responsive-spacer\">\n\t<div class=\"rs-size-8 rs-size-md-8\"><\/div>\n<\/div>\n<div class=\"detail-box\">\n        <div class=\"row\">\n            <div class=\"col-md-6\">\n            <div class=\"detail-box-item\">\n                <h4 class=\"detail-box-item-title\">Spannweite der H\u00e4ngebr\u00fccke<\/h4>\n                <p class=\"detail-box-item-content\">\n                    <span class=\"detail-box-item-content-number\">723<\/span>\n                    <span class=\"detail-box-item-content-unit\">Meter<\/span>\n                <\/p>\n            <\/div>\n        <\/div>\n            <div class=\"col-md-6\">\n            <div class=\"detail-box-item\">\n                <h4 class=\"detail-box-item-title\">Gef\u00e4lle des steilsten Br\u00fcckenabschnitts<\/h4>\n                <p class=\"detail-box-item-content\">\n                    <span class=\"detail-box-item-content-number\">15<\/span>\n                    <span class=\"detail-box-item-content-unit\">%<\/span>\n                <\/p>\n            <\/div>\n        <\/div>\n            <div class=\"col-md-6\">\n            <div class=\"detail-box-item\">\n                <h4 class=\"detail-box-item-title\">Gesamtgewicht der Stahlkonstruktion (Gesamtstahlgewicht)<\/h4>\n                <p class=\"detail-box-item-content\">\n                    <span class=\"detail-box-item-content-number\">496,55<\/span>\n                    <span class=\"detail-box-item-content-unit\">Tonnen<\/span>\n                <\/p>\n            <\/div>\n        <\/div>\n            <div class=\"col-md-6\">\n            <div class=\"detail-box-item\">\n                <h4 class=\"detail-box-item-title\">Anzahl der Bodenverankerungen<\/h4>\n                <p class=\"detail-box-item-content\">\n                    <span class=\"detail-box-item-content-number\">58<\/span>\n                    <span class=\"detail-box-item-content-unit\">St\u00fcck<\/span>\n                <\/p>\n            <\/div>\n        <\/div>\n            <div class=\"col-md-6\">\n            <div class=\"detail-box-item\">\n                <h4 class=\"detail-box-item-title\">Anzahl der verwendeten Schrauben<\/h4>\n                <p class=\"detail-box-item-content\">\n                    <span class=\"detail-box-item-content-number\">12 000<\/span>\n                    <span class=\"detail-box-item-content-unit\">St\u00fcck<\/span>\n                <\/p>\n            <\/div>\n        <\/div>\n            <div class=\"col-md-6\">\n            <div class=\"detail-box-item\">\n                <h4 class=\"detail-box-item-title\">Breite der Lauffl\u00e4che<\/h4>\n                <p class=\"detail-box-item-content\">\n                    <span class=\"detail-box-item-content-number\">1,2<\/span>\n                    <span class=\"detail-box-item-content-unit\">Meter<\/span>\n                <\/p>\n            <\/div>\n        <\/div>\n            <div class=\"col-md-6\">\n            <div class=\"detail-box-item\">\n                <h4 class=\"detail-box-item-title\">Gesamtl\u00e4nge der Kabel<\/h4>\n                <p class=\"detail-box-item-content\">\n                    <span class=\"detail-box-item-content-number\">24 162,4<\/span>\n                    <span class=\"detail-box-item-content-unit\">Meter<\/span>\n                <\/p>\n            <\/div>\n        <\/div>\n            <div class=\"col-md-6\">\n            <div class=\"detail-box-item\">\n                <h4 class=\"detail-box-item-title\">Gr\u00f6\u00dfe der auf die Br\u00fcckenkonstruktion wirkenden Zugkraft<\/h4>\n                <p class=\"detail-box-item-content\">\n                    <span class=\"detail-box-item-content-number\">13 200<\/span>\n                    <span class=\"detail-box-item-content-unit\">Kilonewton<\/span>\n                <\/p>\n            <\/div>\n        <\/div>\n            <div class=\"col-md-6\">\n            <div class=\"detail-box-item\">\n                <h4 class=\"detail-box-item-title\">Durchhang der Kabel<\/h4>\n                <p class=\"detail-box-item-content\">\n                    <span class=\"detail-box-item-content-number\">27<\/span>\n                    <span class=\"detail-box-item-content-unit\">Meter<\/span>\n                <\/p>\n            <\/div>\n        <\/div>\n            <div class=\"col-md-6\">\n            <div class=\"detail-box-item\">\n                <h4 class=\"detail-box-item-title\">Br\u00fcckenh\u00f6he \u00fcber dem M\u00e1jus Bach<\/h4>\n                <p class=\"detail-box-item-content\">\n                    <span class=\"detail-box-item-content-number\">82<\/span>\n                    <span class=\"detail-box-item-content-unit\">Meter<\/span>\n                <\/p>\n            <\/div>\n        <\/div>\n        <\/div>\n    <\/div>\n\n<div class=\"responsive-spacer\">\n\t<div class=\"rs-size-32 rs-size-md-32\"><\/div>\n<\/div>\n\n<h3 class=\"wp-block-heading\">Meilensteine der Fertigstellung:<\/h3>\n\n<div class=\"responsive-spacer\">\n\t<div class=\"rs-size-8 rs-size-md-8\"><\/div>\n<\/div>\n<div class=\"detail-box\">\n        <div class=\"row\">\n            <div class=\"col-md-6\">\n            <div class=\"detail-box-item\">\n                <h4 class=\"detail-box-item-title\">Erste Durchf\u00fchrbarkeitsstudie<\/h4>\n                <p class=\"detail-box-item-content\">\n                    <span class=\"detail-box-item-content-number\">2015.<\/span>\n                    <span class=\"detail-box-item-content-unit\">September<\/span>\n                <\/p>\n            <\/div>\n        <\/div>\n            <div class=\"col-md-6\">\n            <div class=\"detail-box-item\">\n                <h4 class=\"detail-box-item-title\">Endspurt beim Konstruktionsbau<\/h4>\n                <p class=\"detail-box-item-content\">\n                    <span class=\"detail-box-item-content-number\">2024.<\/span>\n                    <span class=\"detail-box-item-content-unit\">Januar<\/span>\n                <\/p>\n            <\/div>\n        <\/div>\n            <div class=\"col-md-6\">\n            <div class=\"detail-box-item\">\n                <h4 class=\"detail-box-item-title\">Abschluss des Planungsvertrags<\/h4>\n                <p class=\"detail-box-item-content\">\n                    <span class=\"detail-box-item-content-number\">2017.<\/span>\n                    <span class=\"detail-box-item-content-unit\">1. Dezember<\/span>\n                <\/p>\n            <\/div>\n        <\/div>\n            <div class=\"col-md-6\">\n            <div class=\"detail-box-item\">\n                <h4 class=\"detail-box-item-title\">Ausf\u00fchrungsfrist<\/h4>\n                <p class=\"detail-box-item-content\">\n                    <span class=\"detail-box-item-content-number\">2024.<\/span>\n                    <span class=\"detail-box-item-content-unit\">30. April<\/span>\n                <\/p>\n            <\/div>\n        <\/div>\n            <div class=\"col-md-6\">\n            <div class=\"detail-box-item\">\n                <h4 class=\"detail-box-item-title\">Beginn der Gel\u00e4ndevorbereitungsarbeiten<\/h4>\n                <p class=\"detail-box-item-content\">\n                    <span class=\"detail-box-item-content-number\">2022.<\/span>\n                    <span class=\"detail-box-item-content-unit\">Januar<\/span>\n                <\/p>\n            <\/div>\n        <\/div>\n            <div class=\"col-md-6\">\n            <div class=\"detail-box-item\">\n                <h4 class=\"detail-box-item-title\">Feierliche Br\u00fcckeneinweihung<\/h4>\n                <p class=\"detail-box-item-content\">\n                    <span class=\"detail-box-item-content-number\">2024.<\/span>\n                    <span class=\"detail-box-item-content-unit\">1.Mai<\/span>\n                <\/p>\n            <\/div>\n        <\/div>\n        <\/div>\n    <\/div>\n\n<div class=\"responsive-spacer\">\n\t<div class=\"rs-size-32 rs-size-md-32\"><\/div>\n<\/div>\n\n<h3 class=\"wp-block-heading\">Geschichte<\/h3>\n\n<div class=\"responsive-spacer\">\n\t<div class=\"rs-size-8 rs-size-md-8\"><\/div>\n<\/div>\n\n<p>Seit der Einweihung des Abenteuerparks Zempl\u00e9n im Jahre 2009 fehlte in der breiten Palette seiner Angebote eine zu Fu\u00df begehbare H\u00e4ngebr\u00fccke. Aus diesem Grunde er\u00f6rterten seine Tr\u00e4ger die M\u00f6glichkeit, im Talabschnitt zwischen dem Sz\u00e1r-hegy und dem V\u00e1rhegy (also dem Sz\u00e1r-H\u00fcgel und dem Burgh\u00fcgel) eine besondere, rekordlange Br\u00fccke zu bauen.<\/p>\n\n<p>Die erste Durchf\u00fchrbarkeitsstudie wurde im September 2015 fertiggestellt, 2 Jahre sp\u00e4ter wurde der Planungsvertrag unterzeichnet. Die 4,5 Milliarden Forint (11,5 Millionen Euro) Investition wird im Rahmen des von der Regierung genehmigten Entwicklungsprogramms Tokaj-Zempl\u00e9n verwirklicht, welches bis 2024 etwa 150 Milliarden Forint (385 Millionen Euro) F\u00f6rdermittel f\u00fcr die Verwirklichung von Infrastruktur-, Tourismusdienstleistungs- und Gemeindeentwicklungsvorhaben zur Verf\u00fcgung stellt. <\/p>\n\n<p>Im Januar 2022 wurden die ersten Ausf\u00fchrungsschritte getan, als die Gel\u00e4ndevorbereitungsarbeiten begannen. Bis Anfang 2024 war der Gro\u00dfteil der Konstruktionsbauarbeiten bereits abgeschlossen, auf die Tragelemente wurden in einer L\u00e4nge von mehreren hundert Metern die TREP-Gitter gelegt. Jetzt steht lediglich noch die Fertigstellung jenes Abschnitts aus, an dem die Br\u00fccke in maximaler H\u00f6he \u2013 d.h. 82 Meter \u00fcber dem M\u00e1jus-Bach \u2013 verl\u00e4uft: Hier sollen Spezialglasplatten verlegt werden.<\/p>\n\n<p>Die feierliche \u00dcbergabe der Br\u00fccke der nationalen Einheit war am 4. Juni 2024. Die Br\u00fccke wurde am 6. Juni 2024 f\u00fcr das Publikum er\u00f6ffnet.   <\/p>\n\n<div class=\"responsive-spacer\">\n\t<div class=\"rs-size-32 rs-size-md-32\"><\/div>\n<\/div>\n\n<figure class=\"wp-block-image size-large\"><img data-recalc-dims=\"1\" decoding=\"async\" width=\"1024\" height=\"693\" src=\"https:\/\/i0.wp.com\/zemplen723.eu\/wp-content\/uploads\/2024\/06\/Frame-83.jpg?resize=1024%2C693&#038;ssl=1\" alt=\"\" class=\"wp-image-241\" srcset=\"https:\/\/i0.wp.com\/zemplen723.eu\/wp-content\/uploads\/2024\/06\/Frame-83.jpg?resize=1024%2C693&amp;ssl=1 1024w, https:\/\/i0.wp.com\/zemplen723.eu\/wp-content\/uploads\/2024\/06\/Frame-83.jpg?resize=300%2C203&amp;ssl=1 300w, https:\/\/i0.wp.com\/zemplen723.eu\/wp-content\/uploads\/2024\/06\/Frame-83.jpg?resize=768%2C520&amp;ssl=1 768w, https:\/\/i0.wp.com\/zemplen723.eu\/wp-content\/uploads\/2024\/06\/Frame-83.jpg?w=1288&amp;ssl=1 1288w\" sizes=\"(max-width: 1024px) 100vw, 1024px\" \/><\/figure>\n\n<div class=\"responsive-spacer\">\n\t<div class=\"rs-size-32 rs-size-md-32\"><\/div>\n<\/div>\n\n<h3 class=\"wp-block-heading\">Name<\/h3>\n\n<div class=\"responsive-spacer\">\n\t<div class=\"rs-size-8 rs-size-md-8\"><\/div>\n<\/div>\n\n<p>Eine Weltrekord-Br\u00fccke verdient einen ganz besonderen, doppelten Namensgebungsansatz: \u201eZempl\u00e9n 723\u201c ist eine f\u00fcr einheimische wie auch f\u00fcr ausl\u00e4ndische Zielgruppen leicht nachvollziehbare feste Bezeichnung. Dieser zusammengesetzte Taufname gilt auch international als bew\u00e4hrte L\u00f6sung, die nach demselben Prinzip (Angabe des genauen Ortes sowie der L\u00e4nge) bei zahlreichen anderen weltber\u00fchmten H\u00e4ngebr\u00fccken bei der Namenswahl zur Anwendung kommt.  <\/p>\n\n<p>Neben der festen Bezeichnung ist der bewegliche Name allerdings eine neue, revolution\u00e4re Namensgebungspraxis. Dieser Phantasiename oder Beiname, der nach dem festen Namen steht, reflektiert eines der herausragenden Themen des jeweiligen Jahres.  <\/p>\n\n<p>Der erste bewegliche Name der Br\u00fccke lautet\u201a Br\u00fccke der Nationalen Zusammengeh\u00f6rigkeit\u2018, und das hat mehrere Gr\u00fcnde. Die H\u00e4ngebr\u00fccke, die an der Dreil\u00e4ndergrenze errichtet wurde, bringt die symbolische Einheit der einheimischen und au\u00dferhalb der Landesgrenzen lebenden Ungarn zum Ausdruck.<\/p>\n\n<p>Die Namenswahl ist gleichzeitig auch eine Hommage an das historische und kulturelle Verm\u00e4chtnis der ungarischen Nation, bei der die Bedeutung der nationalen Identit\u00e4t und Zusammengeh\u00f6rigkeit akzentuiert wird. <\/p>\n\n<p>Der bewegliche Name soll vorl\u00e4ufigen Pl\u00e4nen nach am Jahrestag der Einweihung, alle ein bis zwei Jahre ge\u00e4ndert werden. Die neue Bezeichnung des jeweiligen Jahres wird stets am 1. Mai unter gro\u00dfer Publicity bekanntgegeben. <\/p>\n\n<div class=\"responsive-spacer\">\n\t<div class=\"rs-size-16 rs-size-md-16\"><\/div>\n<\/div>\n\n<h3 class=\"wp-block-heading\">Besondere Merkmale<\/h3>\n\n<div class=\"responsive-spacer\">\n\t<div class=\"rs-size-8 rs-size-md-8\"><\/div>\n<\/div>\n\n<p>Die Br\u00fccke im Abenteuerpark Zempl\u00e9n hat eine Breite von 1,2 Metern. Dieser h\u00f6here Wert als \u00fcblich erm\u00f6glicht es, dass die Br\u00fccke von beiden Richtungen aus zug\u00e4nglich ist, vom Sz\u00e1r-Berg und vom V\u00e1r-Berg. Auch das ist eine gro\u00dfe Leistung, denn die meisten H\u00e4ngebr\u00fccken sind nur von einer Richtung aus zug\u00e4nglich.    <\/p>\n\n<p>Die Haupttrageelemente der Seilbr\u00fcckenkonstruktion sind die Spannkabel. Die an den H\u00fcgeln platzierten Br\u00fcckenk\u00f6pfe wurden auf gleiche H\u00f6he geplant. Der Durchhang zwischen den Seilkabeln \u2013 dessen Bogen einer Parabel zweiten Grades \u00e4hnelt &#8211; wird 27 Meter betragen. Der L\u00e4ngsschnitt, oder anders: das Gef\u00e4lleverh\u00e4ltnis der Br\u00fccke, das hei\u00dft ihre Neigung variiert aufgrund der Parabelform. Die Abschnitte mit dem gr\u00f6\u00dften Gef\u00e4lle (bis zu 15 %) befinden sich an den Br\u00fcckenk\u00f6pfen, wobei der mittlere, mehrere hundert Meter lange Teil nahezu v\u00f6llig eben verl\u00e4uft.<\/p>\n\n<p>F\u00fcr das Bauprojekt wurden insgesamt 24.162,4 Meter Stahlseil verwendet, was wesentlich zur strukturellen Stabilit\u00e4t und Belastbarkeit bzw. Tragf\u00e4higkeit der Br\u00fccke beitr\u00e4gt. <\/p>\n\n<p>Beim Bau der Br\u00fccke kamen 12.000 St\u00fcck Schrauben zum Einsatz. Die Basis der Br\u00fccke bilden 58 St\u00fcck &#8211; in 21 Meter Tiefe gebohrte \u2013 Bodenverankerungen. Das Gesamtgewicht der gesamten Stahlkonstruktion \u2013 inklusive des Betonstahls der Grundk\u00f6rper und Br\u00fcckenk\u00f6pfe \u2013 bel\u00e4uft sich auf 496,55 Tonnen, was die Robustheit und Best\u00e4ndigkeit der Struktur gew\u00e4hrleistet. Die au\u00dfergew\u00f6hnliche mechanische Belastbarkeit der Br\u00fccke illustriert die Gr\u00f6\u00dfe der auf die Br\u00fcckenkonstruktion wirkenden Zugkraft, die 13.200 Kilonewton betr\u00e4gt.  <\/p>\n\n<div class=\"responsive-spacer\">\n\t<div class=\"rs-size-16 rs-size-md-16\"><\/div>\n<\/div>\n\n<h3 class=\"wp-block-heading\">Umgebung<\/h3>\n\n<div class=\"responsive-spacer\">\n\t<div class=\"rs-size-8 rs-size-md-8\"><\/div>\n<\/div>\n\n<p>Auf dem Gipfel des an einem Ende der H\u00e4ngebr\u00fccke gelegenen Sz\u00e1r-hegy (Sz\u00e1r H\u00fcgel) wurde eine der au\u00dferordentlichen Sehensw\u00fcrdigkeiten von S\u00e1toralja\u00fajhely errichtet, die selbst im Karpatenbecken ihresgleichen sucht: Der Denkmalkomplex Ungarischer Kreuzweg ragt weit \u00fcber die Stadt hinaus und liegt entlang dem zu ihr f\u00fchrenden Weg. Von den Felsen hinter der Sankt Stephansged\u00e4chtniskapelle aus er\u00f6ffnet sich ein wundervolles Panorama auf die S\u00e1toros H\u00fcgel, die umliegenden Weinplantagen sowie die wilden W\u00e4lder des Zempl\u00e9n Gebirges. <\/p>\n\n<p>Das andere Ende der Br\u00fccke beginnt am V\u00e1rhegy (Burgh\u00fcgel), auf dem die Ruinen der Burg von S\u00e1toralja\u00fajhely erkundet werden k\u00f6nnen. Das 2020 eingeweihte Burg-Besucherzentrum am Fu\u00dfe der Burg bietet den Besuchern einen modernen, zeitgem\u00e4\u00dfen Einstiegspunkt, wo sie mithilfe der neusten digitalen Technologien und anhand der historischen Rekonstruktionen die Verbindung zwischen Vergangenheit und Gegenwart erforschen und somit Teil eines einzigartigen historischen Erlebnisses werden k\u00f6nnen. <\/p>\n","protected":false},"excerpt":{"rendered":"<p>Bewegliche Br\u00fccke, beweglicher Name, bewegliche Programme Die Zempl\u00e9n 723 in Zahlen: Meilensteine der Fertigstellung: Geschichte Seit der Einweihung des Abenteuerparks<\/p>\n","protected":false},"author":1,"featured_media":0,"parent":0,"menu_order":0,"comment_status":"closed","ping_status":"closed","template":"","meta":{"_acf_changed":false,"inline_featured_image":false,"footnotes":""},"class_list":["post-481","page","type-page","status-publish","hentry"],"acf":[],"yoast_head":"<!-- This site is optimized with the Yoast SEO plugin v24.0 - https:\/\/yoast.com\/wordpress\/plugins\/seo\/ -->\n<title>\u00dcber die Br\u00fccke - Zempl\u00e9n 723<\/title>\n<meta name=\"robots\" content=\"index, follow, max-snippet:-1, max-image-preview:large, max-video-preview:-1\" \/>\n<link rel=\"canonical\" href=\"https:\/\/zemplen723.eu\/de\/ueber-die-bruecke\/\" \/>\n<meta property=\"og:locale\" content=\"de_DE\" \/>\n<meta property=\"og:type\" content=\"article\" \/>\n<meta property=\"og:title\" content=\"\u00dcber die Br\u00fccke - Zempl\u00e9n 723\" \/>\n<meta property=\"og:description\" content=\"Bewegliche Br\u00fccke, beweglicher Name, bewegliche Programme Die Zempl\u00e9n 723 in Zahlen: Meilensteine der Fertigstellung: Geschichte Seit der Einweihung des Abenteuerparks\" \/>\n<meta property=\"og:url\" content=\"https:\/\/zemplen723.eu\/de\/ueber-die-bruecke\/\" \/>\n<meta property=\"og:site_name\" content=\"Zempl\u00e9n 723\" \/>\n<meta property=\"article:modified_time\" content=\"2024-12-06T17:05:45+00:00\" \/>\n<meta property=\"og:image\" content=\"https:\/\/zemplen723.eu\/wp-content\/uploads\/2024\/12\/zemplen_723_hidrol_og_image-1024x538.png\" \/>\n<meta name=\"twitter:card\" content=\"summary_large_image\" \/>\n<meta name=\"twitter:label1\" content=\"Gesch\u00e4tzte Lesezeit\" \/>\n\t<meta name=\"twitter:data1\" content=\"4\u00a0Minuten\" \/>\n<script type=\"application\/ld+json\" class=\"yoast-schema-graph\">{\"@context\":\"https:\/\/schema.org\",\"@graph\":[{\"@type\":\"WebPage\",\"@id\":\"https:\/\/zemplen723.eu\/de\/ueber-die-bruecke\/\",\"url\":\"https:\/\/zemplen723.eu\/de\/ueber-die-bruecke\/\",\"name\":\"\u00dcber die Br\u00fccke - Zempl\u00e9n 723\",\"isPartOf\":{\"@id\":\"https:\/\/zemplen723.eu\/de\/#website\"},\"primaryImageOfPage\":{\"@id\":\"https:\/\/zemplen723.eu\/de\/ueber-die-bruecke\/#primaryimage\"},\"image\":{\"@id\":\"https:\/\/zemplen723.eu\/de\/ueber-die-bruecke\/#primaryimage\"},\"thumbnailUrl\":\"https:\/\/zemplen723.eu\/wp-content\/uploads\/2024\/06\/Frame-83-1024x693.jpg\",\"datePublished\":\"2024-05-20T20:44:10+00:00\",\"dateModified\":\"2024-12-06T17:05:45+00:00\",\"breadcrumb\":{\"@id\":\"https:\/\/zemplen723.eu\/de\/ueber-die-bruecke\/#breadcrumb\"},\"inLanguage\":\"de\",\"potentialAction\":[{\"@type\":\"ReadAction\",\"target\":[\"https:\/\/zemplen723.eu\/de\/ueber-die-bruecke\/\"]}]},{\"@type\":\"ImageObject\",\"inLanguage\":\"de\",\"@id\":\"https:\/\/zemplen723.eu\/de\/ueber-die-bruecke\/#primaryimage\",\"url\":\"https:\/\/zemplen723.eu\/wp-content\/uploads\/2024\/06\/Frame-83-1024x693.jpg\",\"contentUrl\":\"https:\/\/zemplen723.eu\/wp-content\/uploads\/2024\/06\/Frame-83-1024x693.jpg\"},{\"@type\":\"BreadcrumbList\",\"@id\":\"https:\/\/zemplen723.eu\/de\/ueber-die-bruecke\/#breadcrumb\",\"itemListElement\":[{\"@type\":\"ListItem\",\"position\":1,\"name\":\"Kezd\u0151lap\",\"item\":\"https:\/\/zemplen723.eu\/de\/\"},{\"@type\":\"ListItem\",\"position\":2,\"name\":\"\u00dcber die Br\u00fccke\"}]},{\"@type\":\"WebSite\",\"@id\":\"https:\/\/zemplen723.eu\/de\/#website\",\"url\":\"https:\/\/zemplen723.eu\/de\/\",\"name\":\"Zempl\u00e9n 723\",\"description\":\"A Nemzeti \u00d6sszetartoz\u00e1s H\u00eddja\",\"publisher\":{\"@id\":\"https:\/\/zemplen723.eu\/de\/#organization\"},\"potentialAction\":[{\"@type\":\"SearchAction\",\"target\":{\"@type\":\"EntryPoint\",\"urlTemplate\":\"https:\/\/zemplen723.eu\/de\/?s={search_term_string}\"},\"query-input\":{\"@type\":\"PropertyValueSpecification\",\"valueRequired\":true,\"valueName\":\"search_term_string\"}}],\"inLanguage\":\"de\"},{\"@type\":\"Organization\",\"@id\":\"https:\/\/zemplen723.eu\/de\/#organization\",\"name\":\"Zempl\u00e9n 723\",\"url\":\"https:\/\/zemplen723.eu\/de\/\",\"logo\":{\"@type\":\"ImageObject\",\"inLanguage\":\"de\",\"@id\":\"https:\/\/zemplen723.eu\/de\/#\/schema\/logo\/image\/\",\"url\":\"https:\/\/i0.wp.com\/zemplen723.eu\/wp-content\/uploads\/2024\/05\/favicon.jpg?fit=1024%2C1024&ssl=1\",\"contentUrl\":\"https:\/\/i0.wp.com\/zemplen723.eu\/wp-content\/uploads\/2024\/05\/favicon.jpg?fit=1024%2C1024&ssl=1\",\"width\":1024,\"height\":1024,\"caption\":\"Zempl\u00e9n 723\"},\"image\":{\"@id\":\"https:\/\/zemplen723.eu\/de\/#\/schema\/logo\/image\/\"}}]}<\/script>\n<!-- \/ Yoast SEO plugin. -->","yoast_head_json":{"title":"\u00dcber die Br\u00fccke - Zempl\u00e9n 723","robots":{"index":"index","follow":"follow","max-snippet":"max-snippet:-1","max-image-preview":"max-image-preview:large","max-video-preview":"max-video-preview:-1"},"canonical":"https:\/\/zemplen723.eu\/de\/ueber-die-bruecke\/","og_locale":"de_DE","og_type":"article","og_title":"\u00dcber die Br\u00fccke - Zempl\u00e9n 723","og_description":"Bewegliche Br\u00fccke, beweglicher Name, bewegliche Programme Die Zempl\u00e9n 723 in Zahlen: Meilensteine der Fertigstellung: Geschichte Seit der Einweihung des Abenteuerparks","og_url":"https:\/\/zemplen723.eu\/de\/ueber-die-bruecke\/","og_site_name":"Zempl\u00e9n 723","article_modified_time":"2024-12-06T17:05:45+00:00","og_image":[{"url":"https:\/\/zemplen723.eu\/wp-content\/uploads\/2024\/12\/zemplen_723_hidrol_og_image-1024x538.png","type":"","width":"","height":""}],"twitter_card":"summary_large_image","twitter_misc":{"Gesch\u00e4tzte Lesezeit":"4\u00a0Minuten"},"schema":{"@context":"https:\/\/schema.org","@graph":[{"@type":"WebPage","@id":"https:\/\/zemplen723.eu\/de\/ueber-die-bruecke\/","url":"https:\/\/zemplen723.eu\/de\/ueber-die-bruecke\/","name":"\u00dcber die Br\u00fccke - Zempl\u00e9n 723","isPartOf":{"@id":"https:\/\/zemplen723.eu\/de\/#website"},"primaryImageOfPage":{"@id":"https:\/\/zemplen723.eu\/de\/ueber-die-bruecke\/#primaryimage"},"image":{"@id":"https:\/\/zemplen723.eu\/de\/ueber-die-bruecke\/#primaryimage"},"thumbnailUrl":"https:\/\/zemplen723.eu\/wp-content\/uploads\/2024\/06\/Frame-83-1024x693.jpg","datePublished":"2024-05-20T20:44:10+00:00","dateModified":"2024-12-06T17:05:45+00:00","breadcrumb":{"@id":"https:\/\/zemplen723.eu\/de\/ueber-die-bruecke\/#breadcrumb"},"inLanguage":"de","potentialAction":[{"@type":"ReadAction","target":["https:\/\/zemplen723.eu\/de\/ueber-die-bruecke\/"]}]},{"@type":"ImageObject","inLanguage":"de","@id":"https:\/\/zemplen723.eu\/de\/ueber-die-bruecke\/#primaryimage","url":"https:\/\/zemplen723.eu\/wp-content\/uploads\/2024\/06\/Frame-83-1024x693.jpg","contentUrl":"https:\/\/zemplen723.eu\/wp-content\/uploads\/2024\/06\/Frame-83-1024x693.jpg"},{"@type":"BreadcrumbList","@id":"https:\/\/zemplen723.eu\/de\/ueber-die-bruecke\/#breadcrumb","itemListElement":[{"@type":"ListItem","position":1,"name":"Kezd\u0151lap","item":"https:\/\/zemplen723.eu\/de\/"},{"@type":"ListItem","position":2,"name":"\u00dcber die Br\u00fccke"}]},{"@type":"WebSite","@id":"https:\/\/zemplen723.eu\/de\/#website","url":"https:\/\/zemplen723.eu\/de\/","name":"Zempl\u00e9n 723","description":"A Nemzeti \u00d6sszetartoz\u00e1s H\u00eddja","publisher":{"@id":"https:\/\/zemplen723.eu\/de\/#organization"},"potentialAction":[{"@type":"SearchAction","target":{"@type":"EntryPoint","urlTemplate":"https:\/\/zemplen723.eu\/de\/?s={search_term_string}"},"query-input":{"@type":"PropertyValueSpecification","valueRequired":true,"valueName":"search_term_string"}}],"inLanguage":"de"},{"@type":"Organization","@id":"https:\/\/zemplen723.eu\/de\/#organization","name":"Zempl\u00e9n 723","url":"https:\/\/zemplen723.eu\/de\/","logo":{"@type":"ImageObject","inLanguage":"de","@id":"https:\/\/zemplen723.eu\/de\/#\/schema\/logo\/image\/","url":"https:\/\/i0.wp.com\/zemplen723.eu\/wp-content\/uploads\/2024\/05\/favicon.jpg?fit=1024%2C1024&ssl=1","contentUrl":"https:\/\/i0.wp.com\/zemplen723.eu\/wp-content\/uploads\/2024\/05\/favicon.jpg?fit=1024%2C1024&ssl=1","width":1024,"height":1024,"caption":"Zempl\u00e9n 723"},"image":{"@id":"https:\/\/zemplen723.eu\/de\/#\/schema\/logo\/image\/"}}]}},"_links":{"self":[{"href":"https:\/\/zemplen723.eu\/de\/wp-json\/wp\/v2\/pages\/481","targetHints":{"allow":["GET"]}}],"collection":[{"href":"https:\/\/zemplen723.eu\/de\/wp-json\/wp\/v2\/pages"}],"about":[{"href":"https:\/\/zemplen723.eu\/de\/wp-json\/wp\/v2\/types\/page"}],"author":[{"embeddable":true,"href":"https:\/\/zemplen723.eu\/de\/wp-json\/wp\/v2\/users\/1"}],"replies":[{"embeddable":true,"href":"https:\/\/zemplen723.eu\/de\/wp-json\/wp\/v2\/comments?post=481"}],"version-history":[{"count":7,"href":"https:\/\/zemplen723.eu\/de\/wp-json\/wp\/v2\/pages\/481\/revisions"}],"predecessor-version":[{"id":771,"href":"https:\/\/zemplen723.eu\/de\/wp-json\/wp\/v2\/pages\/481\/revisions\/771"}],"wp:attachment":[{"href":"https:\/\/zemplen723.eu\/de\/wp-json\/wp\/v2\/media?parent=481"}],"curies":[{"name":"wp","href":"https:\/\/api.w.org\/{rel}","templated":true}]}}