{"id":483,"date":"2024-05-20T22:44:10","date_gmt":"2024-05-20T20:44:10","guid":{"rendered":"https:\/\/zemplen723.local\/o-moscie\/"},"modified":"2024-12-06T18:06:26","modified_gmt":"2024-12-06T17:06:26","slug":"o-moscie","status":"publish","type":"page","link":"https:\/\/zemplen723.eu\/pl\/o-moscie\/","title":{"rendered":"O mo\u015bcie"},"content":{"rendered":"\n<h2 class=\"wp-block-heading h3\">Ruchomy most, ruchoma nazwa,<br\/>ruchome programy<\/h2>\n\n<div class=\"responsive-spacer\">\n\t<div class=\"rs-size-32 rs-size-md-32\"><\/div>\n<\/div>\n\n<h3 class=\"wp-block-heading\">Zempl\u00e9n 723 w liczbach:<\/h3>\n\n<div class=\"responsive-spacer\">\n\t<div class=\"rs-size-8 rs-size-md-8\"><\/div>\n<\/div>\n<div class=\"detail-box\">\n        <div class=\"row\">\n            <div class=\"col-md-6\">\n            <div class=\"detail-box-item\">\n                <h4 class=\"detail-box-item-title\">Rozpi\u0119to\u015b\u0107 mostu wisz\u0105cego<\/h4>\n                <p class=\"detail-box-item-content\">\n                    <span class=\"detail-box-item-content-number\">723<\/span>\n                    <span class=\"detail-box-item-content-unit\">metr\u00f3w<\/span>\n                <\/p>\n            <\/div>\n        <\/div>\n            <div class=\"col-md-6\">\n            <div class=\"detail-box-item\">\n                <h4 class=\"detail-box-item-title\">Wysoko\u015b\u0107 najbardziej stromego odcinka mostu<\/h4>\n                <p class=\"detail-box-item-content\">\n                    <span class=\"detail-box-item-content-number\">15<\/span>\n                    <span class=\"detail-box-item-content-unit\">%<\/span>\n                <\/p>\n            <\/div>\n        <\/div>\n            <div class=\"col-md-6\">\n            <div class=\"detail-box-item\">\n                <h4 class=\"detail-box-item-title\">Ca\u0142kowita waga konstrukcji stalowej<\/h4>\n                <p class=\"detail-box-item-content\">\n                    <span class=\"detail-box-item-content-number\">496,55<\/span>\n                    <span class=\"detail-box-item-content-unit\">ton<\/span>\n                <\/p>\n            <\/div>\n        <\/div>\n            <div class=\"col-md-6\">\n            <div class=\"detail-box-item\">\n                <h4 class=\"detail-box-item-title\">Liczba kotew gruntowych<\/h4>\n                <p class=\"detail-box-item-content\">\n                    <span class=\"detail-box-item-content-number\">58<\/span>\n                    <span class=\"detail-box-item-content-unit\">szt.<\/span>\n                <\/p>\n            <\/div>\n        <\/div>\n            <div class=\"col-md-6\">\n            <div class=\"detail-box-item\">\n                <h4 class=\"detail-box-item-title\">Liczba u\u017cytych \u015brub<\/h4>\n                <p class=\"detail-box-item-content\">\n                    <span class=\"detail-box-item-content-number\">12 000<\/span>\n                    <span class=\"detail-box-item-content-unit\">szt.<\/span>\n                <\/p>\n            <\/div>\n        <\/div>\n            <div class=\"col-md-6\">\n            <div class=\"detail-box-item\">\n                <h4 class=\"detail-box-item-title\">Szeroko\u015b\u0107 powierzchni do chodzenia<\/h4>\n                <p class=\"detail-box-item-content\">\n                    <span class=\"detail-box-item-content-number\">1,2<\/span>\n                    <span class=\"detail-box-item-content-unit\">metr\u00f3w<\/span>\n                <\/p>\n            <\/div>\n        <\/div>\n            <div class=\"col-md-6\">\n            <div class=\"detail-box-item\">\n                <h4 class=\"detail-box-item-title\">Ca\u0142kowita d\u0142ugo\u015b\u0107 kabli<\/h4>\n                <p class=\"detail-box-item-content\">\n                    <span class=\"detail-box-item-content-number\">24 162,4<\/span>\n                    <span class=\"detail-box-item-content-unit\">metr\u00f3w<\/span>\n                <\/p>\n            <\/div>\n        <\/div>\n            <div class=\"col-md-6\">\n            <div class=\"detail-box-item\">\n                <h4 class=\"detail-box-item-title\">Wielko\u015b\u0107 si\u0142y ci\u0105gn\u0105cej na konstrukcji mostu<\/h4>\n                <p class=\"detail-box-item-content\">\n                    <span class=\"detail-box-item-content-number\">13 200<\/span>\n                    <span class=\"detail-box-item-content-unit\">kiloniuton\u00f3w<\/span>\n                <\/p>\n            <\/div>\n        <\/div>\n            <div class=\"col-md-6\">\n            <div class=\"detail-box-item\">\n                <h4 class=\"detail-box-item-title\">Zwis mi\u0119dzy kablami<\/h4>\n                <p class=\"detail-box-item-content\">\n                    <span class=\"detail-box-item-content-number\">27<\/span>\n                    <span class=\"detail-box-item-content-unit\">metr\u00f3w<\/span>\n                <\/p>\n            <\/div>\n        <\/div>\n            <div class=\"col-md-6\">\n            <div class=\"detail-box-item\">\n                <h4 class=\"detail-box-item-title\">Wysoko\u015b\u0107 mostu nad Potokiem Maj<\/h4>\n                <p class=\"detail-box-item-content\">\n                    <span class=\"detail-box-item-content-number\">82<\/span>\n                    <span class=\"detail-box-item-content-unit\">metr\u00f3w<\/span>\n                <\/p>\n            <\/div>\n        <\/div>\n        <\/div>\n    <\/div>\n\n<div class=\"responsive-spacer\">\n\t<div class=\"rs-size-32 rs-size-md-32\"><\/div>\n<\/div>\n\n<h3 class=\"wp-block-heading\">Kamienie milowe wdro\u017cenia:<\/h3>\n\n<div class=\"responsive-spacer\">\n\t<div class=\"rs-size-8 rs-size-md-8\"><\/div>\n<\/div>\n<div class=\"detail-box\">\n        <div class=\"row\">\n            <div class=\"col-md-6\">\n            <div class=\"detail-box-item\">\n                <h4 class=\"detail-box-item-title\">Pierwsza analiza wykonalno\u015bci<\/h4>\n                <p class=\"detail-box-item-content\">\n                    <span class=\"detail-box-item-content-number\">2015.<\/span>\n                    <span class=\"detail-box-item-content-unit\">Wrzesie\u0144<\/span>\n                <\/p>\n            <\/div>\n        <\/div>\n            <div class=\"col-md-6\">\n            <div class=\"detail-box-item\">\n                <h4 class=\"detail-box-item-title\">Prace konstrukcyjne na uko\u0144czeniu<\/h4>\n                <p class=\"detail-box-item-content\">\n                    <span class=\"detail-box-item-content-number\">2024.<\/span>\n                    <span class=\"detail-box-item-content-unit\">Stycze\u0144<\/span>\n                <\/p>\n            <\/div>\n        <\/div>\n            <div class=\"col-md-6\">\n            <div class=\"detail-box-item\">\n                <h4 class=\"detail-box-item-title\">Zawarcie umowy planistycznej<\/h4>\n                <p class=\"detail-box-item-content\">\n                    <span class=\"detail-box-item-content-number\">2017.<\/span>\n                    <span class=\"detail-box-item-content-unit\">1 grudnia<\/span>\n                <\/p>\n            <\/div>\n        <\/div>\n            <div class=\"col-md-6\">\n            <div class=\"detail-box-item\">\n                <h4 class=\"detail-box-item-title\">Termin zako\u0144czenia budowy mostu<\/h4>\n                <p class=\"detail-box-item-content\">\n                    <span class=\"detail-box-item-content-number\">2024.<\/span>\n                    <span class=\"detail-box-item-content-unit\">30 kwietnia<\/span>\n                <\/p>\n            <\/div>\n        <\/div>\n            <div class=\"col-md-6\">\n            <div class=\"detail-box-item\">\n                <h4 class=\"detail-box-item-title\">Rozpocz\u0119cie prac zwi\u0105zanych z kszta\u0142towaniem krajobrazu<\/h4>\n                <p class=\"detail-box-item-content\">\n                    <span class=\"detail-box-item-content-number\">2022.<\/span>\n                    <span class=\"detail-box-item-content-unit\">Stycze\u0144<\/span>\n                <\/p>\n            <\/div>\n        <\/div>\n            <div class=\"col-md-6\">\n            <div class=\"detail-box-item\">\n                <h4 class=\"detail-box-item-title\">Uroczyste otwarcie mostu<\/h4>\n                <p class=\"detail-box-item-content\">\n                    <span class=\"detail-box-item-content-number\">2024.<\/span>\n                    <span class=\"detail-box-item-content-unit\">1 maja<\/span>\n                <\/p>\n            <\/div>\n        <\/div>\n        <\/div>\n    <\/div>\n\n<div class=\"responsive-spacer\">\n\t<div class=\"rs-size-32 rs-size-md-32\"><\/div>\n<\/div>\n\n<h3 class=\"wp-block-heading\">Historia<\/h3>\n\n<div class=\"responsive-spacer\">\n\t<div class=\"rs-size-8 rs-size-md-8\"><\/div>\n<\/div>\n\n<p>Od czasu otwarcia w 2009 roku Parku Przyg\u00f3d Zempl\u00e9n, w bogatej ofercie tego obiektu brakowa\u0142o wisz\u0105cego mostu dla pieszych, opiekunowie parku zbadali mo\u017cliwo\u015b\u0107 czy odcinek doliny mi\u0119dzy Wzg\u00f3rzem Sz\u00e1r i Wzg\u00f3rzem Zamkowym mo\u017ce by\u0107 odpowiedni do budowy takiego unikatowego i rekordowego mostu.<\/p>\n\n<p>Pierwsze studium wykonalno\u015bci zosta\u0142o uko\u0144czone we wrze\u015bniu 2015 r., a umowa projektowa zosta\u0142a podpisana dwa lata p\u00f3\u017aniej. Inwestycja o warto\u015bci 4,5 mld forint\u00f3w zostanie zrealizowana w ramach przyj\u0119tego przez rz\u0105d Programu Rozwoju Tokaj-Zempl\u00e9n, kt\u00f3ry zapewni prawie 150 mld forint\u00f3w finansowania na infrastruktur\u0119, us\u0142ugi turystyczne i rozw\u00f3j okolicy mieszkalnej do 2024 roku. <\/p>\n\n<p>W styczniu 2022 r. rozpocz\u0119to budow\u0119 i ruszy\u0142y prace zwi\u0105zane z kszta\u0142towaniem krajobrazu. Wi\u0119kszo\u015b\u0107 prac konstrukcyjnych zosta\u0142a zako\u0144czona na pocz\u0105tku 2024 r., setki metr\u00f3w siatek TREP zosta\u0142o umieszczonych na elementach no\u015bnych. Pozosta\u0142 tylko odcinek gdzie most wznosi si\u0119 najwy\u017cej &#8211; 82 metry nad Potokiem Maj -, tu zostan\u0105 zainstalowane specjalne szklane elementy.  <\/p>\n\n<p>Most Jedno\u015bci Narodowej zosta\u0142 zainaugurowany 4 czerwca 2024 roku. Most zosta\u0142 otwarty dla publiczno\u015bci 6 czerwca 2024 roku.   <\/p>\n\n<div class=\"responsive-spacer\">\n\t<div class=\"rs-size-32 rs-size-md-32\"><\/div>\n<\/div>\n\n<figure class=\"wp-block-image size-large\"><img data-recalc-dims=\"1\" decoding=\"async\" width=\"1024\" height=\"693\" src=\"https:\/\/i0.wp.com\/zemplen723.eu\/wp-content\/uploads\/2024\/06\/Frame-83.jpg?resize=1024%2C693&#038;ssl=1\" alt=\"\" class=\"wp-image-241\" srcset=\"https:\/\/i0.wp.com\/zemplen723.eu\/wp-content\/uploads\/2024\/06\/Frame-83.jpg?resize=1024%2C693&amp;ssl=1 1024w, https:\/\/i0.wp.com\/zemplen723.eu\/wp-content\/uploads\/2024\/06\/Frame-83.jpg?resize=300%2C203&amp;ssl=1 300w, https:\/\/i0.wp.com\/zemplen723.eu\/wp-content\/uploads\/2024\/06\/Frame-83.jpg?resize=768%2C520&amp;ssl=1 768w, https:\/\/i0.wp.com\/zemplen723.eu\/wp-content\/uploads\/2024\/06\/Frame-83.jpg?w=1288&amp;ssl=1 1288w\" sizes=\"(max-width: 1024px) 100vw, 1024px\" \/><\/figure>\n\n<div class=\"responsive-spacer\">\n\t<div class=\"rs-size-32 rs-size-md-32\"><\/div>\n<\/div>\n\n<h3 class=\"wp-block-heading\">Nazwa<\/h3>\n\n<div class=\"responsive-spacer\">\n\t<div class=\"rs-size-8 rs-size-md-8\"><\/div>\n<\/div>\n\n<p>Ten rekordowy most \u015bwiata zas\u0142uguje na wyj\u0105tkow\u0105, podw\u00f3jn\u0105 metod\u0119 nazewnictwa. Nazwa Zempl\u00e9n 723 jest \u0142atwa do zrozumienia dla w\u0119gierskich i zagranicznych odbiorc\u00f3w. Takie po\u0142\u0105czenie jest podobnym rozwi\u0105zaniem stosowanym na arenie mi\u0119dzynarodowej dla wielu znanych na ca\u0142ym \u015bwiecie most\u00f3w wisz\u0105cych, poniewa\u017c podaje lokalizacj\u0119 i dok\u0142adn\u0105 d\u0142ugo\u015b\u0107 mostu.  <\/p>\n\n<p>Opr\u00f3cz nazwy sta\u0142ej jest r\u00f3wnie\u017c innowacyjna nazwa ruchoma. Jest to fantazyjna nazwa lub fraza przy sta\u0142ej nazwie mostu, odzwierciedlaj\u0105ca jeden z temat\u00f3w roku.  <\/p>\n\n<p>Pierwsz\u0105 ruchom\u0105 nazw\u0105 mostu, z kilku powod\u00f3w, jest Most Jedno\u015bci Narodowej. Obiekt zbudowany na granicy trzech kraj\u00f3w jest symbolicznym wyrazem jedno\u015bci W\u0119gr\u00f3w, na W\u0119grzech i poza granic\u0105.<\/p>\n\n<p>Wyb\u00f3r nazwy jest r\u00f3wnie\u017c ho\u0142dem dla historycznego i kulturowego dziedzictwa narodu w\u0119gierskiego, podkre\u015blaj\u0105c znaczenie to\u017csamo\u015bci narodowej i przynale\u017cno\u015bci. <\/p>\n\n<p>Wst\u0119pnie zaplanowano, \u017ce nazwa b\u0119dzie si\u0119 zmienia\u0107 co rok lub dwa w rocznic\u0119 przekazania. Ka\u017cdego 1 maja, przy du\u017cym rozg\u0142osie, zostanie og\u0142oszona nazwa roku. <\/p>\n\n<div class=\"responsive-spacer\">\n\t<div class=\"rs-size-16 rs-size-md-16\"><\/div>\n<\/div>\n\n<h3 class=\"wp-block-heading\">Specyfika<\/h3>\n\n<div class=\"responsive-spacer\">\n\t<div class=\"rs-size-8 rs-size-md-8\"><\/div>\n<\/div>\n\n<p>Most w Parku Przygody Zempl\u00e9n ma szeroko\u015b\u0107 1,2 metra. Ta wy\u017csza ni\u017c zwykle warto\u015b\u0107 umo\u017cliwia dost\u0119p do mostu z obu kierunk\u00f3w, ze Wzg\u00f3rza Sz\u00e1r jak i ze Wzg\u00f3rza Zamkowego. Jest to r\u00f3wnie\u017c ogromne osi\u0105gni\u0119cie, poniewa\u017c wi\u0119kszo\u015b\u0107 most\u00f3w wisz\u0105cych jest dost\u0119pna tylko z jednego kierunku. <\/p>\n\n<p>W konstrukcji mostu linowego rozci\u0105gni\u0119te kable s\u0105 g\u0142\u00f3wnymi elementami no\u015bnymi. Przycz\u00f3\u0142ki na obu wzg\u00f3rzach zosta\u0142y zaprojektowane na tej samej wysoko\u015bci. Zwis mi\u0119dzy kablami wyniesie 27 metr\u00f3w tworz\u0105c \u0142uk podobny do paraboli drugiego stopnia. Przekr\u00f3j d\u0142ugo\u015bci mostu, tj. nachylenie, zmienia si\u0119 ze wzgl\u0119du na paraboliczny kszta\u0142t. Najbardziej strome odcinki, o nachyleniu do 15%, znajduj\u0105 si\u0119 na ko\u0144cach mostu, podczas gdy \u015brodkowy odcinek o d\u0142ugo\u015bci kilkuset metr\u00f3w jest prawie ca\u0142kowicie poziomy.    <\/p>\n\n<p>W projekcie wykorzystano \u0142\u0105cznie 24 162,4 metr\u00f3w kabla, co znacz\u0105co przyczyni\u0142o si\u0119 do stabilno\u015bci konstrukcji i no\u015bno\u015bci mostu. <\/p>\n\n<p>Most zosta\u0142 zbudowany przy u\u017cyciu 12 000 \u015brub i tworz\u0105cych fundament 58 kotew gruntowych, wwierconych na g\u0142\u0119boko\u015b\u0107 21 metr\u00f3w. \u0141\u0105czna waga ca\u0142ej konstrukcji stalowej, w tym fundament\u00f3w i stali zbrojeniowej na ko\u0144cach mostu, wynosi 496,55 ton, co gwarantuje solidno\u015b\u0107 i trwa\u0142o\u015b\u0107 konstrukcji. Doskona\u0142\u0105 ilustracj\u0105 wyj\u0105tkowej no\u015bno\u015bci mechanicznej mostu jest wielko\u015b\u0107 si\u0142y rozci\u0105gaj\u0105cej dzia\u0142aj\u0105cej na konstrukcj\u0119 mostu, wynosi ona 13 200 kN (kiloniuton\u00f3w).  <\/p>\n\n<div class=\"responsive-spacer\">\n\t<div class=\"rs-size-16 rs-size-md-16\"><\/div>\n<\/div>\n\n<h3 class=\"wp-block-heading\">\u015arodowisko<\/h3>\n\n<div class=\"responsive-spacer\">\n\t<div class=\"rs-size-8 rs-size-md-8\"><\/div>\n<\/div>\n\n<p>Jeden z ko\u0144c\u00f3w mostu zosta\u0142 zbudowany na szczycie Wzg\u00f3rza Sz\u00e1r, na kt\u00f3rej jednym z najbardziej wyj\u0105tkowych zabytk\u00f3w S\u00e1toralja\u00fajhely w Kotlinie Karpackiej jest kompleks pomnik\u00f3w Kalwarii W\u0119gierskiej, kt\u00f3ry g\u00f3ruje nad miastem i znajduje si\u0119 wzd\u0142u\u017c prowadz\u0105cej do niego drogi. Z klif\u00f3w za kaplic\u0105 \u015bw. Stefana mo\u017cna podziwia\u0107 wspania\u0142y widok na Wzg\u00f3rza S\u00e1toros, okoliczne winnice i dzikie lasy Zempl\u00e9n. <\/p>\n\n<p>Drugi koniec mostu zaczyna si\u0119 na Wzg\u00f3rzu Zamkowym, gdzie mo\u017cna zwiedzi\u0107 ruiny zamku S\u00e1toralja\u00fajhely. Centrum dla Zwiedzaj\u0105cych Zamek, zainaugurowane w 2020 roku, oferuje odwiedzaj\u0105cym najnowocze\u015bniejsz\u0105 baz\u0119 u podn\u00f3\u017ca zamku, gdzie mog\u0105 pozna\u0107 zwi\u0105zek mi\u0119dzy przesz\u0142o\u015bci\u0105 a tera\u017aniejszo\u015bci\u0105 za pomoc\u0105 najnowszych narz\u0119dzi technologicznych i rekonstrukcji historycznych, zapewniaj\u0105c wyj\u0105tkowe do\u015bwiadczenie historyczne. <\/p>\n","protected":false},"excerpt":{"rendered":"<p>Ruchomy most, ruchoma nazwa,ruchome programy Zempl\u00e9n 723 w liczbach: Kamienie milowe wdro\u017cenia: Historia Od czasu otwarcia w 2009 roku Parku<\/p>\n","protected":false},"author":1,"featured_media":0,"parent":0,"menu_order":0,"comment_status":"closed","ping_status":"closed","template":"","meta":{"_acf_changed":false,"inline_featured_image":false,"footnotes":""},"class_list":["post-483","page","type-page","status-publish","hentry"],"acf":[],"yoast_head":"<!-- This site is optimized with the Yoast SEO plugin v24.0 - https:\/\/yoast.com\/wordpress\/plugins\/seo\/ -->\n<title>O mo\u015bcie - Zempl\u00e9n 723<\/title>\n<meta name=\"robots\" content=\"index, follow, max-snippet:-1, max-image-preview:large, max-video-preview:-1\" \/>\n<link rel=\"canonical\" href=\"https:\/\/zemplen723.eu\/pl\/o-moscie\/\" \/>\n<meta property=\"og:locale\" content=\"pl_PL\" \/>\n<meta property=\"og:type\" content=\"article\" \/>\n<meta property=\"og:title\" content=\"O mo\u015bcie - Zempl\u00e9n 723\" \/>\n<meta property=\"og:description\" content=\"Ruchomy most, ruchoma nazwa,ruchome programy Zempl\u00e9n 723 w liczbach: Kamienie milowe wdro\u017cenia: Historia Od czasu otwarcia w 2009 roku Parku\" \/>\n<meta property=\"og:url\" content=\"https:\/\/zemplen723.eu\/pl\/o-moscie\/\" \/>\n<meta property=\"og:site_name\" content=\"Zempl\u00e9n 723\" \/>\n<meta property=\"article:modified_time\" content=\"2024-12-06T17:06:26+00:00\" \/>\n<meta property=\"og:image\" content=\"https:\/\/zemplen723.eu\/wp-content\/uploads\/2024\/12\/zemplen_723_hidrol_og_image-1024x538.png\" \/>\n<meta name=\"twitter:card\" content=\"summary_large_image\" \/>\n<meta name=\"twitter:label1\" content=\"Szacowany czas czytania\" \/>\n\t<meta name=\"twitter:data1\" content=\"4 minuty\" \/>\n<script type=\"application\/ld+json\" class=\"yoast-schema-graph\">{\"@context\":\"https:\/\/schema.org\",\"@graph\":[{\"@type\":\"WebPage\",\"@id\":\"https:\/\/zemplen723.eu\/pl\/o-moscie\/\",\"url\":\"https:\/\/zemplen723.eu\/pl\/o-moscie\/\",\"name\":\"O mo\u015bcie - Zempl\u00e9n 723\",\"isPartOf\":{\"@id\":\"https:\/\/zemplen723.eu\/pl\/#website\"},\"primaryImageOfPage\":{\"@id\":\"https:\/\/zemplen723.eu\/pl\/o-moscie\/#primaryimage\"},\"image\":{\"@id\":\"https:\/\/zemplen723.eu\/pl\/o-moscie\/#primaryimage\"},\"thumbnailUrl\":\"https:\/\/zemplen723.eu\/wp-content\/uploads\/2024\/06\/Frame-83-1024x693.jpg\",\"datePublished\":\"2024-05-20T20:44:10+00:00\",\"dateModified\":\"2024-12-06T17:06:26+00:00\",\"breadcrumb\":{\"@id\":\"https:\/\/zemplen723.eu\/pl\/o-moscie\/#breadcrumb\"},\"inLanguage\":\"pl-PL\",\"potentialAction\":[{\"@type\":\"ReadAction\",\"target\":[\"https:\/\/zemplen723.eu\/pl\/o-moscie\/\"]}]},{\"@type\":\"ImageObject\",\"inLanguage\":\"pl-PL\",\"@id\":\"https:\/\/zemplen723.eu\/pl\/o-moscie\/#primaryimage\",\"url\":\"https:\/\/zemplen723.eu\/wp-content\/uploads\/2024\/06\/Frame-83-1024x693.jpg\",\"contentUrl\":\"https:\/\/zemplen723.eu\/wp-content\/uploads\/2024\/06\/Frame-83-1024x693.jpg\"},{\"@type\":\"BreadcrumbList\",\"@id\":\"https:\/\/zemplen723.eu\/pl\/o-moscie\/#breadcrumb\",\"itemListElement\":[{\"@type\":\"ListItem\",\"position\":1,\"name\":\"Kezd\u0151lap\",\"item\":\"https:\/\/zemplen723.eu\/pl\/\"},{\"@type\":\"ListItem\",\"position\":2,\"name\":\"O mo\u015bcie\"}]},{\"@type\":\"WebSite\",\"@id\":\"https:\/\/zemplen723.eu\/pl\/#website\",\"url\":\"https:\/\/zemplen723.eu\/pl\/\",\"name\":\"Zempl\u00e9n 723\",\"description\":\"A Nemzeti \u00d6sszetartoz\u00e1s H\u00eddja\",\"publisher\":{\"@id\":\"https:\/\/zemplen723.eu\/pl\/#organization\"},\"potentialAction\":[{\"@type\":\"SearchAction\",\"target\":{\"@type\":\"EntryPoint\",\"urlTemplate\":\"https:\/\/zemplen723.eu\/pl\/?s={search_term_string}\"},\"query-input\":{\"@type\":\"PropertyValueSpecification\",\"valueRequired\":true,\"valueName\":\"search_term_string\"}}],\"inLanguage\":\"pl-PL\"},{\"@type\":\"Organization\",\"@id\":\"https:\/\/zemplen723.eu\/pl\/#organization\",\"name\":\"Zempl\u00e9n 723\",\"url\":\"https:\/\/zemplen723.eu\/pl\/\",\"logo\":{\"@type\":\"ImageObject\",\"inLanguage\":\"pl-PL\",\"@id\":\"https:\/\/zemplen723.eu\/pl\/#\/schema\/logo\/image\/\",\"url\":\"https:\/\/i0.wp.com\/zemplen723.eu\/wp-content\/uploads\/2024\/05\/favicon.jpg?fit=1024%2C1024&ssl=1\",\"contentUrl\":\"https:\/\/i0.wp.com\/zemplen723.eu\/wp-content\/uploads\/2024\/05\/favicon.jpg?fit=1024%2C1024&ssl=1\",\"width\":1024,\"height\":1024,\"caption\":\"Zempl\u00e9n 723\"},\"image\":{\"@id\":\"https:\/\/zemplen723.eu\/pl\/#\/schema\/logo\/image\/\"}}]}<\/script>\n<!-- \/ Yoast SEO plugin. -->","yoast_head_json":{"title":"O mo\u015bcie - Zempl\u00e9n 723","robots":{"index":"index","follow":"follow","max-snippet":"max-snippet:-1","max-image-preview":"max-image-preview:large","max-video-preview":"max-video-preview:-1"},"canonical":"https:\/\/zemplen723.eu\/pl\/o-moscie\/","og_locale":"pl_PL","og_type":"article","og_title":"O mo\u015bcie - Zempl\u00e9n 723","og_description":"Ruchomy most, ruchoma nazwa,ruchome programy Zempl\u00e9n 723 w liczbach: Kamienie milowe wdro\u017cenia: Historia Od czasu otwarcia w 2009 roku Parku","og_url":"https:\/\/zemplen723.eu\/pl\/o-moscie\/","og_site_name":"Zempl\u00e9n 723","article_modified_time":"2024-12-06T17:06:26+00:00","og_image":[{"url":"https:\/\/zemplen723.eu\/wp-content\/uploads\/2024\/12\/zemplen_723_hidrol_og_image-1024x538.png","type":"","width":"","height":""}],"twitter_card":"summary_large_image","twitter_misc":{"Szacowany czas czytania":"4 minuty"},"schema":{"@context":"https:\/\/schema.org","@graph":[{"@type":"WebPage","@id":"https:\/\/zemplen723.eu\/pl\/o-moscie\/","url":"https:\/\/zemplen723.eu\/pl\/o-moscie\/","name":"O mo\u015bcie - Zempl\u00e9n 723","isPartOf":{"@id":"https:\/\/zemplen723.eu\/pl\/#website"},"primaryImageOfPage":{"@id":"https:\/\/zemplen723.eu\/pl\/o-moscie\/#primaryimage"},"image":{"@id":"https:\/\/zemplen723.eu\/pl\/o-moscie\/#primaryimage"},"thumbnailUrl":"https:\/\/zemplen723.eu\/wp-content\/uploads\/2024\/06\/Frame-83-1024x693.jpg","datePublished":"2024-05-20T20:44:10+00:00","dateModified":"2024-12-06T17:06:26+00:00","breadcrumb":{"@id":"https:\/\/zemplen723.eu\/pl\/o-moscie\/#breadcrumb"},"inLanguage":"pl-PL","potentialAction":[{"@type":"ReadAction","target":["https:\/\/zemplen723.eu\/pl\/o-moscie\/"]}]},{"@type":"ImageObject","inLanguage":"pl-PL","@id":"https:\/\/zemplen723.eu\/pl\/o-moscie\/#primaryimage","url":"https:\/\/zemplen723.eu\/wp-content\/uploads\/2024\/06\/Frame-83-1024x693.jpg","contentUrl":"https:\/\/zemplen723.eu\/wp-content\/uploads\/2024\/06\/Frame-83-1024x693.jpg"},{"@type":"BreadcrumbList","@id":"https:\/\/zemplen723.eu\/pl\/o-moscie\/#breadcrumb","itemListElement":[{"@type":"ListItem","position":1,"name":"Kezd\u0151lap","item":"https:\/\/zemplen723.eu\/pl\/"},{"@type":"ListItem","position":2,"name":"O mo\u015bcie"}]},{"@type":"WebSite","@id":"https:\/\/zemplen723.eu\/pl\/#website","url":"https:\/\/zemplen723.eu\/pl\/","name":"Zempl\u00e9n 723","description":"A Nemzeti \u00d6sszetartoz\u00e1s H\u00eddja","publisher":{"@id":"https:\/\/zemplen723.eu\/pl\/#organization"},"potentialAction":[{"@type":"SearchAction","target":{"@type":"EntryPoint","urlTemplate":"https:\/\/zemplen723.eu\/pl\/?s={search_term_string}"},"query-input":{"@type":"PropertyValueSpecification","valueRequired":true,"valueName":"search_term_string"}}],"inLanguage":"pl-PL"},{"@type":"Organization","@id":"https:\/\/zemplen723.eu\/pl\/#organization","name":"Zempl\u00e9n 723","url":"https:\/\/zemplen723.eu\/pl\/","logo":{"@type":"ImageObject","inLanguage":"pl-PL","@id":"https:\/\/zemplen723.eu\/pl\/#\/schema\/logo\/image\/","url":"https:\/\/i0.wp.com\/zemplen723.eu\/wp-content\/uploads\/2024\/05\/favicon.jpg?fit=1024%2C1024&ssl=1","contentUrl":"https:\/\/i0.wp.com\/zemplen723.eu\/wp-content\/uploads\/2024\/05\/favicon.jpg?fit=1024%2C1024&ssl=1","width":1024,"height":1024,"caption":"Zempl\u00e9n 723"},"image":{"@id":"https:\/\/zemplen723.eu\/pl\/#\/schema\/logo\/image\/"}}]}},"_links":{"self":[{"href":"https:\/\/zemplen723.eu\/pl\/wp-json\/wp\/v2\/pages\/483","targetHints":{"allow":["GET"]}}],"collection":[{"href":"https:\/\/zemplen723.eu\/pl\/wp-json\/wp\/v2\/pages"}],"about":[{"href":"https:\/\/zemplen723.eu\/pl\/wp-json\/wp\/v2\/types\/page"}],"author":[{"embeddable":true,"href":"https:\/\/zemplen723.eu\/pl\/wp-json\/wp\/v2\/users\/1"}],"replies":[{"embeddable":true,"href":"https:\/\/zemplen723.eu\/pl\/wp-json\/wp\/v2\/comments?post=483"}],"version-history":[{"count":9,"href":"https:\/\/zemplen723.eu\/pl\/wp-json\/wp\/v2\/pages\/483\/revisions"}],"predecessor-version":[{"id":774,"href":"https:\/\/zemplen723.eu\/pl\/wp-json\/wp\/v2\/pages\/483\/revisions\/774"}],"wp:attachment":[{"href":"https:\/\/zemplen723.eu\/pl\/wp-json\/wp\/v2\/media?parent=483"}],"curies":[{"name":"wp","href":"https:\/\/api.w.org\/{rel}","templated":true}]}}